{"id":4066,"date":"2019-12-30T14:14:46","date_gmt":"2019-12-30T13:14:46","guid":{"rendered":"https:\/\/interreg-croatia-serbia.eu\/2014\/?post_type=novost&#038;p=4066"},"modified":"2019-12-30T14:15:40","modified_gmt":"2019-12-30T13:15:40","slug":"final-conference-of-the-es-gees-project","status":"publish","type":"novost","link":"https:\/\/interreg-croatia-serbia.eu\/2014\/novost\/final-conference-of-the-es-gees-project\/","title":{"rendered":"Final conference of the ES-GEES project"},"content":{"rendered":"\n<p><strong>The Priority axis 2 ES GEES project held its final\nconference and presented accomplishments in Novi Sad on 13 December. <\/strong><\/p>\n\n\n\n<p><a href=\"https:\/\/interreg-croatia-serbia.eu\/2014\/project\/es-gees\/\">ES GEES<\/a>,\nshortened for <em>Education for\nSustainability &#8211; Green and Energy Efficient Schools,<\/em> is dedicated to\nfinding the right approach in implementing energy efficient measures and\ncombining them with renewable energy sources. In the past 30 months, partners contributed\nto reconstruction of two schools in Osijek and Novi Sad and organized a\ncampaign that informed Croatia and Serbia\u2019s cross-border community about\nrenewable energy sources. <\/p>\n\n\n\n<p>In particular, partners\nraised the energy efficiency of two public schools by installing a photovoltaic\npower plant in the elementary school Ljudevit Gaj in Osijek, allowing the\nschool to produce clean energy and generate savings. In Novi Sad\u2019s Technical\nschool \u201cMileva Maric-Einstein\u201d partners installed a pellet heating system,\nwhich will heat the school greenhouse and also showcase principles of circular\neconomy to students. <\/p>\n\n\n\n<p>Partners of ES\nGEES made students aware of advantages of using renewable energy sources in the\nmost practical way. By reconstructing two schools, ES GEES ensured that their achievements\nremain visible for generations of students to see. The final conference, held\nin the Technical school \u201cMileva Maric- Einstein\u201d, was a chance to reflect on\ntheir story. <\/p>\n\n\n\n<figure class=\"wp-block-embed-youtube wp-block-embed is-type-video is-provider-youtube wp-embed-aspect-16-9 wp-has-aspect-ratio\"><div class=\"wp-block-embed__wrapper\">\n<iframe title=\"Zavr\u0161en projekat &quot;Obrazovanje u slu\u017ebi odr\u017eivosti \u2013 zelene i energetski efikasne \u0161kole&quot;\" width=\"1200\" height=\"675\" src=\"https:\/\/www.youtube.com\/embed\/ny8hI1ZPNNI?feature=oembed\" frameborder=\"0\" allow=\"accelerometer; autoplay; encrypted-media; gyroscope; picture-in-picture\" allowfullscreen><\/iframe>\n<\/div><\/figure>\n\n\n\n<div style=\"height:30px\" aria-hidden=\"true\" class=\"wp-block-spacer\"><\/div>\n\n\n\n<p>The conference\nwas opened by representatives of partner institutions. In addition, two students\nand the school\u2019s professor Maria Male\u0161evi\u0107 \u010cu\u010dulis shared their experiences of\nparticipating in the project and reflected on new facilities introduced by ES\nGEES. <\/p>\n\n\n\n<p>The conference was\nclosed with the screening of the promotional movie, which shows the story of ES\nGEES and their achievements: <\/p>\n\n\n\n<figure class=\"wp-block-embed-youtube wp-block-embed is-type-video is-provider-youtube wp-embed-aspect-16-9 wp-has-aspect-ratio\"><div class=\"wp-block-embed__wrapper\">\n<iframe title=\"ES-GEES Film\" width=\"1200\" height=\"675\" src=\"https:\/\/www.youtube.com\/embed\/nVBKj8J3eJU?feature=oembed\" frameborder=\"0\" allow=\"accelerometer; autoplay; encrypted-media; gyroscope; picture-in-picture\" allowfullscreen><\/iframe>\n<\/div><\/figure>\n\n\n\n<div style=\"height:30px\" aria-hidden=\"true\" class=\"wp-block-spacer\"><\/div>\n\n\n\n<p>More information about ES GEES is available at their website: <a href=\"https:\/\/es-gees.com\/hr\/\" target=\"_blank\" rel=\"noreferrer noopener\" aria-label=\" (opens in a new tab)\">es-gees.com\/hr\/<\/a><\/p>\n\n\n\n<p><em>The <strong>ES GEES<\/strong>\nbuild project is implemented by five partners from Croatia and Serbia within\nthe Programme Priority Axis 2: Protecting the environment and biodiversity,\nimproving risk prevention and promoting sustainable energy and energy\nefficiency. The total budget of the project is <strong>1.395.189,70 EUR. <\/strong>The <strong>ERDF<\/strong>\nand <strong>IPA II<\/strong> share is 1.185.911,24 EUR.\nThe project started on 15 July 2017 and will finish on 14 January 2020.<\/em><\/p>\n","protected":false},"featured_media":4069,"template":"","news-category":[27],"project-category":[50],"_links":{"self":[{"href":"https:\/\/interreg-croatia-serbia.eu\/2014\/wp-json\/wp\/v2\/novost\/4066"}],"collection":[{"href":"https:\/\/interreg-croatia-serbia.eu\/2014\/wp-json\/wp\/v2\/novost"}],"about":[{"href":"https:\/\/interreg-croatia-serbia.eu\/2014\/wp-json\/wp\/v2\/types\/novost"}],"wp:featuredmedia":[{"embeddable":true,"href":"https:\/\/interreg-croatia-serbia.eu\/2014\/wp-json\/wp\/v2\/media\/4069"}],"wp:attachment":[{"href":"https:\/\/interreg-croatia-serbia.eu\/2014\/wp-json\/wp\/v2\/media?parent=4066"}],"wp:term":[{"taxonomy":"news-category","embeddable":true,"href":"https:\/\/interreg-croatia-serbia.eu\/2014\/wp-json\/wp\/v2\/news-category?post=4066"},{"taxonomy":"project-category","embeddable":true,"href":"https:\/\/interreg-croatia-serbia.eu\/2014\/wp-json\/wp\/v2\/project-category?post=4066"}],"curies":[{"name":"wp","href":"https:\/\/api.w.org\/{rel}","templated":true}]}}