{"id":1743,"date":"2018-05-02T13:33:27","date_gmt":"2018-05-02T13:33:27","guid":{"rendered":"http:\/\/interreg-croatia-serbia2014-2020.hdit.hr\/"},"modified":"2019-05-13T12:06:46","modified_gmt":"2019-05-13T10:06:46","slug":"2nd-call-for-proposals-information-sessions","status":"publish","type":"novost","link":"https:\/\/interreg-croatia-serbia.eu\/2014\/novost\/2nd-call-for-proposals-information-sessions\/","title":{"rendered":"2nd Call for Proposals information sessions"},"content":{"rendered":"<p><strong>The Managing Authority and Joint Secretariat have organised a series of educational events for applicants interested in funding their project ideas in the Interreg IPA CBC Programme Croatia-Serbia 2014-2020. Besides presenting the 2<sup>nd<\/sup> Call for Proposals, four information sessions held in Croatia and Serbia provided a great networking opportunity for potential applicants. <\/strong><\/p>\n<p>The first info day was organised on 18 April 2018 in the City Hall of Subotica, a day after the <a href=\"https:\/\/interreg-croatia-serbia.eu\/2014\/novost\/the-launching-conference-marking-the-opening-of-2nd-call-for-proposals-was-held-in-subotica\/\">Launching Conference<\/a> marked the opening of the Call. The second info day in the Serbian part of the Programme area was held on 19 April, where Deputy Mayor of Sremska Mitrovica, Tomislav Jankovi\u0107 welcomed participants interested in the Second Call.<\/p>\n<div id='gallery-1' class='gallery galleryid-1743 gallery-columns-2 gallery-size-medium'><figure class='gallery-item'>\n\t\t\t<div class='gallery-icon landscape'>\n\t\t\t\t<a href='https:\/\/interreg-croatia-serbia.eu\/2014\/foto_1\/'><img width=\"300\" height=\"225\" src=\"https:\/\/interreg-croatia-serbia.eu\/2014\/wp-content\/uploads\/2018\/05\/Foto_1-300x225.jpg\" class=\"attachment-medium size-medium\" alt=\"\" decoding=\"async\" srcset=\"https:\/\/interreg-croatia-serbia.eu\/2014\/wp-content\/uploads\/2018\/05\/Foto_1-300x225.jpg 300w, https:\/\/interreg-croatia-serbia.eu\/2014\/wp-content\/uploads\/2018\/05\/Foto_1.jpg 800w\" sizes=\"(max-width: 300px) 100vw, 300px\" \/><\/a>\n\t\t\t<\/div><\/figure><figure class='gallery-item'>\n\t\t\t<div class='gallery-icon landscape'>\n\t\t\t\t<a href='https:\/\/interreg-croatia-serbia.eu\/2014\/foto_2\/'><img width=\"300\" height=\"225\" src=\"https:\/\/interreg-croatia-serbia.eu\/2014\/wp-content\/uploads\/2018\/05\/Foto_2-300x225.jpg\" class=\"attachment-medium size-medium\" alt=\"\" decoding=\"async\" srcset=\"https:\/\/interreg-croatia-serbia.eu\/2014\/wp-content\/uploads\/2018\/05\/Foto_2-300x225.jpg 300w, https:\/\/interreg-croatia-serbia.eu\/2014\/wp-content\/uploads\/2018\/05\/Foto_2.jpg 800w\" sizes=\"(max-width: 300px) 100vw, 300px\" \/><\/a>\n\t\t\t<\/div><\/figure>\n\t\t<\/div>\n\n<h5 style=\"text-align: center;\">Foto 1. Info day in the City Hall Subotica \u00a0 \u00a0 \u00a0 \u00a0 \u00a0 \u00a0 \u00a0 \u00a0 \u00a0 \u00a0 \u00a0 \u00a0 \u00a0 \u00a0 \u00a0 \u00a0 \u00a0 \u00a0 \u00a0 \u00a0 \u00a0 \u00a0 \u00a0 \u00a0 \u00a0 \u00a0 \u00a0 \u00a0 \u00a0 \u00a0 \u00a0 \u00a0\u00a0 \u00a0 \u00a0 \u00a0 \u00a0 \u00a0 \u00a0 \u00a0 \u00a0 \u00a0 \u00a0 \u00a0 \u00a0 \u00a0 \u00a0 \u00a0 \u00a0 \u00a0 \u00a0 \u00a0 \u00a0 \u00a0 \u00a0 \u00a0 \u00a0 Foto 2. Info day in the City Hall Subotica<\/h5>\n<div id='gallery-2' class='gallery galleryid-1743 gallery-columns-2 gallery-size-medium'><figure class='gallery-item'>\n\t\t\t<div class='gallery-icon landscape'>\n\t\t\t\t<a href='https:\/\/interreg-croatia-serbia.eu\/2014\/wp-content\/uploads\/2018\/05\/Foto_3.jpg'><img width=\"300\" height=\"225\" src=\"https:\/\/interreg-croatia-serbia.eu\/2014\/wp-content\/uploads\/2018\/05\/Foto_3-300x225.jpg\" class=\"attachment-medium size-medium\" alt=\"\" decoding=\"async\" srcset=\"https:\/\/interreg-croatia-serbia.eu\/2014\/wp-content\/uploads\/2018\/05\/Foto_3-300x225.jpg 300w, https:\/\/interreg-croatia-serbia.eu\/2014\/wp-content\/uploads\/2018\/05\/Foto_3.jpg 800w\" sizes=\"(max-width: 300px) 100vw, 300px\" \/><\/a>\n\t\t\t<\/div><\/figure><figure class='gallery-item'>\n\t\t\t<div class='gallery-icon landscape'>\n\t\t\t\t<a href='https:\/\/interreg-croatia-serbia.eu\/2014\/wp-content\/uploads\/2018\/05\/Foto_4.jpg'><img width=\"300\" height=\"225\" src=\"https:\/\/interreg-croatia-serbia.eu\/2014\/wp-content\/uploads\/2018\/05\/Foto_4-300x225.jpg\" class=\"attachment-medium size-medium\" alt=\"\" decoding=\"async\" srcset=\"https:\/\/interreg-croatia-serbia.eu\/2014\/wp-content\/uploads\/2018\/05\/Foto_4-300x225.jpg 300w, https:\/\/interreg-croatia-serbia.eu\/2014\/wp-content\/uploads\/2018\/05\/Foto_4.jpg 800w\" sizes=\"(max-width: 300px) 100vw, 300px\" \/><\/a>\n\t\t\t<\/div><\/figure>\n\t\t<\/div>\n\n<h5 style=\"text-align: center;\">\u00a0\u00a0 Foto 3. Info day in the City Assembly of Sremska Mitrovica \u00a0 \u00a0 \u00a0 \u00a0 \u00a0 \u00a0 \u00a0 \u00a0 \u00a0 \u00a0 \u00a0 \u00a0 \u00a0 \u00a0 \u00a0 \u00a0 \u00a0 \u00a0 \u00a0 \u00a0 \u00a0 \u00a0 \u00a0 \u00a0 \u00a0 \u00a0 \u00a0 \u00a0 \u00a0 \u00a0 \u00a0 \u00a0 \u00a0 \u00a0 \u00a0 \u00a0 \u00a0 \u00a0 Foto 4. Info day in the City Assembly of Sremska Mitrovica<\/h5>\n<p><a href=\"https:\/\/interreg-croatia-serbia.eu\/2014\/wp-content\/uploads\/2018\/05\/Foto_5.jpg\"><img fetchpriority=\"high\" decoding=\"async\" class=\"aligncenter size-medium wp-image-1737\" src=\"https:\/\/interreg-croatia-serbia.eu\/2014\/wp-content\/uploads\/2018\/05\/Foto_5-300x184.jpg\" alt=\"foto_5\" width=\"300\" height=\"184\" srcset=\"https:\/\/interreg-croatia-serbia.eu\/2014\/wp-content\/uploads\/2018\/05\/Foto_5-300x184.jpg 300w, https:\/\/interreg-croatia-serbia.eu\/2014\/wp-content\/uploads\/2018\/05\/Foto_5.jpg 800w\" sizes=\"(max-width: 300px) 100vw, 300px\" \/><\/a><\/p>\n<h5 style=\"text-align: center;\">Foto 5. Info day in the City Assembly of Sremska Mitrovica<\/h5>\n<p>The info days in the Croatian part of the Programme area were held in Ilok on 25 April and Na\u0161ice the following day. Deputy Mayor of Ilok, Josip Kova\u010d and Mayor of Na\u0161ice Josip Mileti\u0107 welcomed more than 150 interested applicants of the two info days and greeted the opportunity to promote the cooperation between Croatia and Serbia<\/p>\n<div id='gallery-3' class='gallery galleryid-1743 gallery-columns-2 gallery-size-medium'><figure class='gallery-item'>\n\t\t\t<div class='gallery-icon landscape'>\n\t\t\t\t<a href='https:\/\/interreg-croatia-serbia.eu\/2014\/wp-content\/uploads\/2018\/05\/Foto_6.jpg'><img width=\"300\" height=\"225\" src=\"https:\/\/interreg-croatia-serbia.eu\/2014\/wp-content\/uploads\/2018\/05\/Foto_6-300x225.jpg\" class=\"attachment-medium size-medium\" alt=\"\" decoding=\"async\" srcset=\"https:\/\/interreg-croatia-serbia.eu\/2014\/wp-content\/uploads\/2018\/05\/Foto_6-300x225.jpg 300w, https:\/\/interreg-croatia-serbia.eu\/2014\/wp-content\/uploads\/2018\/05\/Foto_6.jpg 800w\" sizes=\"(max-width: 300px) 100vw, 300px\" \/><\/a>\n\t\t\t<\/div><\/figure><figure class='gallery-item'>\n\t\t\t<div class='gallery-icon landscape'>\n\t\t\t\t<a href='https:\/\/interreg-croatia-serbia.eu\/2014\/wp-content\/uploads\/2018\/05\/Foto_7.jpg'><img width=\"300\" height=\"225\" src=\"https:\/\/interreg-croatia-serbia.eu\/2014\/wp-content\/uploads\/2018\/05\/Foto_7-300x225.jpg\" class=\"attachment-medium size-medium\" alt=\"\" decoding=\"async\" srcset=\"https:\/\/interreg-croatia-serbia.eu\/2014\/wp-content\/uploads\/2018\/05\/Foto_7-300x225.jpg 300w, https:\/\/interreg-croatia-serbia.eu\/2014\/wp-content\/uploads\/2018\/05\/Foto_7.jpg 800w\" sizes=\"(max-width: 300px) 100vw, 300px\" \/><\/a>\n\t\t\t<\/div><\/figure>\n\t\t<\/div>\n\n<h5 style=\"text-align: center;\">Foto. 6. Info day in Ilok \u00a0 \u00a0 \u00a0 \u00a0 \u00a0 \u00a0 \u00a0 \u00a0 \u00a0 \u00a0 \u00a0 \u00a0 \u00a0 \u00a0 \u00a0 \u00a0 \u00a0 \u00a0 \u00a0 \u00a0 \u00a0 \u00a0 \u00a0 \u00a0 \u00a0 \u00a0 \u00a0 \u00a0 \u00a0 \u00a0 \u00a0 \u00a0 \u00a0 \u00a0 \u00a0 \u00a0 \u00a0 \u00a0 \u00a0 \u00a0\u00a0 \u00a0 \u00a0\u00a0 \u00a0 \u00a0 \u00a0 \u00a0 \u00a0 \u00a0 \u00a0 \u00a0 \u00a0 \u00a0 \u00a0 \u00a0 \u00a0 \u00a0 \u00a0 \u00a0 \u00a0 \u00a0 \u00a0 \u00a0 \u00a0 \u00a0 \u00a0 \u00a0 \u00a0 \u00a0 \u00a0 \u00a0 \u00a0 \u00a0 \u00a0 \u00a0 \u00a0 \u00a0\u00a0 Foto 7. Info day in Ilok<\/h5>\n<div id='gallery-4' class='gallery galleryid-1743 gallery-columns-2 gallery-size-medium'><figure class='gallery-item'>\n\t\t\t<div class='gallery-icon landscape'>\n\t\t\t\t<a href='https:\/\/interreg-croatia-serbia.eu\/2014\/wp-content\/uploads\/2018\/05\/Foto_9.jpg'><img width=\"300\" height=\"225\" src=\"https:\/\/interreg-croatia-serbia.eu\/2014\/wp-content\/uploads\/2018\/05\/Foto_9-300x225.jpg\" class=\"attachment-medium size-medium\" alt=\"\" decoding=\"async\" srcset=\"https:\/\/interreg-croatia-serbia.eu\/2014\/wp-content\/uploads\/2018\/05\/Foto_9-300x225.jpg 300w, https:\/\/interreg-croatia-serbia.eu\/2014\/wp-content\/uploads\/2018\/05\/Foto_9.jpg 800w\" sizes=\"(max-width: 300px) 100vw, 300px\" \/><\/a>\n\t\t\t<\/div><\/figure><figure class='gallery-item'>\n\t\t\t<div class='gallery-icon landscape'>\n\t\t\t\t<a href='https:\/\/interreg-croatia-serbia.eu\/2014\/wp-content\/uploads\/2018\/05\/Foto_8.jpg'><img width=\"300\" height=\"225\" src=\"https:\/\/interreg-croatia-serbia.eu\/2014\/wp-content\/uploads\/2018\/05\/Foto_8-300x225.jpg\" class=\"attachment-medium size-medium\" alt=\"\" decoding=\"async\" srcset=\"https:\/\/interreg-croatia-serbia.eu\/2014\/wp-content\/uploads\/2018\/05\/Foto_8-300x225.jpg 300w, https:\/\/interreg-croatia-serbia.eu\/2014\/wp-content\/uploads\/2018\/05\/Foto_8.jpg 800w\" sizes=\"(max-width: 300px) 100vw, 300px\" \/><\/a>\n\t\t\t<\/div><\/figure>\n\t\t<\/div>\n\n<h5 style=\"text-align: center;\">Foto 8. Info day in Na\u0161ice \u00a0 \u00a0 \u00a0 \u00a0 \u00a0 \u00a0 \u00a0 \u00a0 \u00a0 \u00a0 \u00a0 \u00a0 \u00a0 \u00a0 \u00a0 \u00a0 \u00a0 \u00a0 \u00a0 \u00a0 \u00a0 \u00a0 \u00a0 \u00a0 \u00a0 \u00a0 \u00a0 \u00a0 \u00a0 \u00a0 \u00a0\u00a0 \u00a0 \u00a0\u00a0 \u00a0 \u00a0 \u00a0 \u00a0 \u00a0 \u00a0 \u00a0\u00a0 \u00a0 \u00a0 \u00a0 \u00a0 \u00a0 \u00a0 \u00a0 \u00a0 \u00a0 \u00a0 \u00a0 \u00a0 \u00a0 \u00a0 \u00a0 \u00a0 \u00a0 \u00a0 \u00a0 \u00a0 \u00a0 \u00a0 \u00a0 \u00a0 \u00a0 \u00a0 \u00a0 \u00a0 \u00a0 \u00a0 \u00a0\u00a0 Foto 9. Info day in Na\u0161ice<\/h5>\n<p><a href=\"https:\/\/interreg-croatia-serbia.eu\/2014\/wp-content\/uploads\/2018\/05\/Foto_10.jpg\"><img decoding=\"async\" class=\"aligncenter size-medium wp-image-1742\" src=\"https:\/\/interreg-croatia-serbia.eu\/2014\/wp-content\/uploads\/2018\/05\/Foto_10-300x225.jpg\" alt=\"foto_10\" width=\"300\" height=\"225\" srcset=\"https:\/\/interreg-croatia-serbia.eu\/2014\/wp-content\/uploads\/2018\/05\/Foto_10-300x225.jpg 300w, https:\/\/interreg-croatia-serbia.eu\/2014\/wp-content\/uploads\/2018\/05\/Foto_10.jpg 800w\" sizes=\"(max-width: 300px) 100vw, 300px\" \/><\/a><\/p>\n<h5 style=\"text-align: center;\">Foto 10. Promo materials<\/h5>\n<p>At each information session MA and JS representatives presented the Cooperation Programme and provided a general overview on Programme priorities. Insights and tips &amp; tricks were shared on how to prepare project proposals, how to use the eMS and how to plan a project budget. With the help of National Authorities and FLC representatives, each presentation was followed by a Q&amp;A session during which the participants were advised how to achieve better quality of their project proposals.<\/p>\n<p>The info days and questions from the participants showed that there is great interest for cross border projects. The MA and JS will continue to support all interested applicants in this endeavour. A Thematic wokshop on energy efficiency will be organised on 8 May and two project clinics will be held at the beginning of June 2018, so follow our website and <a href=\"https:\/\/www.facebook.com\/Interreg-IPA-CBC-Programme-Croatia-Serbia-2014-2020-858379707605605\/\">Facebook page<\/a> on new updates.<\/p>\n<p>At the MA and JS of the Interreg IPA CBC Programme Croatia \u2013 Serbia, we are more than happy to provide additional information on the 2<sup>nd<\/sup> CfP. If you have questions please contact us on <a href=\"mailto:js@interreg-croatia-serbia.eu\">js@interreg-croatia-serbia.eu<\/a>.<\/p>\n<p>Presentations from the info days can be downloaded here:<\/p>\n<p><strong><a href=\"https:\/\/interreg-croatia-serbia.eu\/2014\/wp-content\/uploads\/2018\/05\/1.-CP.pdf\">Interreg IPA Program prekograni\u010dne suradnje Hrvatska \u2013Srbija 2014. \u2013 2020.<\/a><\/strong><\/p>\n<p><strong><a href=\"https:\/\/interreg-croatia-serbia.eu\/2014\/wp-content\/uploads\/2018\/05\/2.-Indikatori.pdf\">Programski pokazatelji ostvarenja<\/a><\/strong><\/p>\n<p><strong><a href=\"https:\/\/interreg-croatia-serbia.eu\/2014\/wp-content\/uploads\/2018\/05\/3.-Upute-za-prijavitelje.pdf\">Upute za prijavitelje<\/a><\/strong><\/p>\n<p><strong><a href=\"https:\/\/interreg-croatia-serbia.eu\/2014\/wp-content\/uploads\/2018\/05\/4.-Prora\u010dun.pdf\">Projektni prora\u010dun<\/a><\/strong><\/p>\n<p><strong><a href=\"https:\/\/interreg-croatia-serbia.eu\/2014\/wp-content\/uploads\/2018\/05\/5.-Ocjena-i-odabir.pdf\">Ocjena i odabir projektnih prijedloga<\/a><\/strong><\/p>\n<p><strong><a href=\"https:\/\/interreg-croatia-serbia.eu\/2014\/wp-content\/uploads\/2018\/05\/6.-eMS.ppsx\">Prijava projektnih prijedloga putem eMS-a<\/a><\/strong><\/p>\n","protected":false},"featured_media":3642,"template":"","news-category":[28],"project-category":[],"_links":{"self":[{"href":"https:\/\/interreg-croatia-serbia.eu\/2014\/wp-json\/wp\/v2\/novost\/1743"}],"collection":[{"href":"https:\/\/interreg-croatia-serbia.eu\/2014\/wp-json\/wp\/v2\/novost"}],"about":[{"href":"https:\/\/interreg-croatia-serbia.eu\/2014\/wp-json\/wp\/v2\/types\/novost"}],"wp:featuredmedia":[{"embeddable":true,"href":"https:\/\/interreg-croatia-serbia.eu\/2014\/wp-json\/wp\/v2\/media\/3642"}],"wp:attachment":[{"href":"https:\/\/interreg-croatia-serbia.eu\/2014\/wp-json\/wp\/v2\/media?parent=1743"}],"wp:term":[{"taxonomy":"news-category","embeddable":true,"href":"https:\/\/interreg-croatia-serbia.eu\/2014\/wp-json\/wp\/v2\/news-category?post=1743"},{"taxonomy":"project-category","embeddable":true,"href":"https:\/\/interreg-croatia-serbia.eu\/2014\/wp-json\/wp\/v2\/project-category?post=1743"}],"curies":[{"name":"wp","href":"https:\/\/api.w.org\/{rel}","templated":true}]}}